{"id":146,"date":"2011-10-09T11:45:07","date_gmt":"2011-10-09T09:45:07","guid":{"rendered":"http:\/\/agrupacionimurgia.wordpress.com\/?page_id=146"},"modified":"2011-10-09T11:45:07","modified_gmt":"2011-10-09T09:45:07","slug":"obrak-urtez-urte","status":"publish","type":"page","link":"https:\/\/blogak.goiena.eus\/imurgiaelkartea\/obrak-urtez-urte\/","title":{"rendered":"Obrak urtez urte"},"content":{"rendered":"<p>Hemen dituzue Izaskun Murgia Elkarte Lirikoa sortu zenetik taularatu ditugun obrak:<\/p>\n<ul>\n<li>2000: <a href=\"http:\/\/imurgiaelkartea.org\/?page_id=136\">La Tabernera del Puerto<\/a><\/li>\n<li>2001: <a href=\"http:\/\/imurgiaelkartea.org\/?page_id=160\">Katiuska<\/a><\/li>\n<li>2002: <a href=\"http:\/\/imurgiaelkartea.org\/?page_id=169\">Los Gavilanes<\/a><\/li>\n<li>2003: <a href=\"http:\/\/imurgiaelkartea.org\/?page_id=175\">Luisa Fernanda<\/a><\/li>\n<li>2004:\u00a0<a href=\"http:\/\/imurgiaelkartea.org\/?page_id=177\">El Hu\u00e9sped del Sevillano<\/a><\/li>\n<li>2005: <a href=\"http:\/\/imurgiaelkartea.org\/?page_id=179\">Baserria<\/a><\/li>\n<li>2006:\u00a0<a href=\"http:\/\/imurgiaelkartea.org\/?page_id=181\">La Leyenda del Beso<\/a><\/li>\n<li>2007:\u00a0<a href=\"http:\/\/imurgiaelkartea.org\/?page_id=183\">El D\u00fao de la Africana<\/a><\/li>\n<li>2008: <a href=\"http:\/\/imurgiaelkartea.org\/?page_id=185\">El Barberillo de Lavapi\u00e9s<\/a><\/li>\n<li>2009: <a href=\"http:\/\/imurgiaelkartea.org\/?page_id=198\">La Corte de Fara\u00f3n<\/a><\/li>\n<li>2010: <a href=\"http:\/\/imurgiaelkartea.org\/?page_id=207\">La Gran V\u00eda<\/a><\/li>\n<li>2011: <a href=\"http:\/\/imurgiaelkartea.org\/?page_id=201\">La Revoltosa<\/a><\/li>\n<li>2012: Gigantes y Cabezudos<\/li>\n<li>2013: La Tabernera del Puerto<\/li>\n<\/ul>\n","protected":false},"excerpt":{"rendered":"<p>Hemen dituzue Izaskun Murgia Elkarte Lirikoa sortu zenetik taularatu ditugun obrak: 2000: La Tabernera del Puerto 2001: Katiuska 2002: Los Gavilanes 2003: Luisa Fernanda 2004:\u00a0El Hu\u00e9sped del Sevillano 2005: Baserria 2006:\u00a0La Leyenda del Beso 2007:\u00a0El D\u00fao de la Africana 2008: El Barberillo de Lavapi\u00e9s 2009: La Corte de Fara\u00f3n 2010: La Gran V\u00eda 2011: La &hellip; <\/p>\n<p><a class=\"more-link btn\" href=\"https:\/\/blogak.goiena.eus\/imurgiaelkartea\/obrak-urtez-urte\/\">Continue reading<\/a><\/p>\n","protected":false},"author":108,"featured_media":0,"parent":0,"menu_order":2,"comment_status":"closed","ping_status":"closed","template":"","meta":{"ngg_post_thumbnail":0,"footnotes":""},"class_list":["post-146","page","type-page","status-publish","hentry","nodate","item-wrap"],"_links":{"self":[{"href":"https:\/\/blogak.goiena.eus\/imurgiaelkartea\/wp-json\/wp\/v2\/pages\/146","targetHints":{"allow":["GET"]}}],"collection":[{"href":"https:\/\/blogak.goiena.eus\/imurgiaelkartea\/wp-json\/wp\/v2\/pages"}],"about":[{"href":"https:\/\/blogak.goiena.eus\/imurgiaelkartea\/wp-json\/wp\/v2\/types\/page"}],"author":[{"embeddable":true,"href":"https:\/\/blogak.goiena.eus\/imurgiaelkartea\/wp-json\/wp\/v2\/users\/108"}],"replies":[{"embeddable":true,"href":"https:\/\/blogak.goiena.eus\/imurgiaelkartea\/wp-json\/wp\/v2\/comments?post=146"}],"version-history":[{"count":0,"href":"https:\/\/blogak.goiena.eus\/imurgiaelkartea\/wp-json\/wp\/v2\/pages\/146\/revisions"}],"wp:attachment":[{"href":"https:\/\/blogak.goiena.eus\/imurgiaelkartea\/wp-json\/wp\/v2\/media?parent=146"}],"curies":[{"name":"wp","href":"https:\/\/api.w.org\/{rel}","templated":true}]}}